{"id":7347,"date":"2019-05-10T14:17:05","date_gmt":"2019-05-10T13:17:05","guid":{"rendered":"http:\/\/www.apdestination.com\/?page_id=7347"},"modified":"2024-10-25T11:22:55","modified_gmt":"2024-10-25T10:22:55","slug":"apd04red2-gite-4-places-au-milieu-des-lavandes","status":"publish","type":"page","link":"https:\/\/www.apdestination.com\/fr\/apd04red2-gite-4-places-au-milieu-des-lavandes\/","title":{"rendered":"Apd04red2 &#8211; Gite 4 places au milieu des lavandes"},"content":{"rendered":"<h2><img loading=\"lazy\" decoding=\"async\" class=\"alignnone wp-image-7416 size-full\" src=\"http:\/\/www.apdestination.com\/wp-content\/uploads\/apd04red2-location-de-vacances-en-pierre.jpg\" alt=\"\" width=\"2000\" height=\"1333\" srcset=\"https:\/\/www.apdestination.com\/wp-content\/uploads\/apd04red2-location-de-vacances-en-pierre.jpg 2000w, https:\/\/www.apdestination.com\/wp-content\/uploads\/apd04red2-location-de-vacances-en-pierre-300x199.jpg 300w, https:\/\/www.apdestination.com\/wp-content\/uploads\/apd04red2-location-de-vacances-en-pierre-1024x682.jpg 1024w, https:\/\/www.apdestination.com\/wp-content\/uploads\/apd04red2-location-de-vacances-en-pierre-624x415.jpg 624w\" sizes=\"auto, (max-width: 2000px) 100vw, 2000px\" \/><\/h2>\n<h2><img loading=\"lazy\" decoding=\"async\" class=\"alignnone wp-image-8662 size-full\" src=\"http:\/\/www.apdestination.com\/wp-content\/uploads\/apd04red2-2.png\" alt=\"\" width=\"1200\" height=\"100\" srcset=\"https:\/\/www.apdestination.com\/wp-content\/uploads\/apd04red2-2.png 1200w, https:\/\/www.apdestination.com\/wp-content\/uploads\/apd04red2-2-300x25.png 300w, https:\/\/www.apdestination.com\/wp-content\/uploads\/apd04red2-2-1024x85.png 1024w, https:\/\/www.apdestination.com\/wp-content\/uploads\/apd04red2-2-768x64.png 768w, https:\/\/www.apdestination.com\/wp-content\/uploads\/apd04red2-2-624x52.png 624w\" sizes=\"auto, (max-width: 1200px) 100vw, 1200px\" \/>En bordure du plateau de l&rsquo;Albion<\/h2>\n<p>G\u00eete 4 places dans une maison en pierre entour\u00e9e de champs de lavande. Le g\u00eete de 45 m2, est accessible par un escalier ext\u00e9rieur. La terrasse en haut de l&rsquo;escalier domine le jardin et la campagne environnante. Vous pourrez ainsi facilement regarder les enfants jouer dans le jardin ou tout simplement profiter du soleil entre amis apr\u00e8s la promenade. Le salon avec une cuisine tr\u00e8s bien \u00e9quip\u00e9e pour cette taille de g\u00eete : lave-vaisselle, four,micro-ondes, r\u00e9frig\u00e9rateur, cong\u00e9lateur, lave-linge, t\u00e9l\u00e9vision. Deux chambres: une de 15 m2 avec un lit de 140 et un grand placard et une autre \u00e0 l\u2019\u00e9tage de 8m2 avec un lit de 90 et un lit suppl\u00e9mentaire. La salle de bain au centre de la maison avec douche et toilette. En plus du barbecue, un four \u00e0 bois est disponible pour pr\u00e9parer des pizzas et du pain. Un grand garage sous la maison vous est r\u00e9serv\u00e9. D\u00e9couvrez les produits locaux confectionn\u00e9s sur place par les propri\u00e9taires : miel, essence de lavande, ch\u00e2taignes, cr\u00e8me de marron, \u00e9peautre &#8230;.<\/p>\n<p>A faire sur place: Randonn\u00e9e p\u00e9destre et VTT , Ruines du vieux village de Redortiers, hameau du Contadour. For\u00eats de pins, sapins, ch\u00eanes verts<\/p>\n<p>Mais la Haute-Provence ce n&rsquo;est pas que la nature, de nombreux villages perch\u00e9s dominent les hauteurs comme des sentinelles qui veillent sur la r\u00e9gion. Des petites rues pav\u00e9es qui cheminent entre les maisons pour vous mener jusqu&rsquo;aux points hauts, ch\u00e2teaux ou \u00e9glises. Les places des villages accueillent toute l&rsquo;ann\u00e9e des march\u00e9s de producteurs locaux, qui vous font d\u00e9couvrir les saveurs du Sud et des fruits cueillis \u00e0 maturit\u00e9.<\/p>\n<h2><span style=\"color: #993366;\">&nbsp;Galerie photos<\/span><\/h2>\nngg_shortcode_0_placeholder\n<p class=\"prop-desc-txt\">&nbsp;<\/p>\n<p class=\"prop-desc-txt\"><strong>Gite ind\u00e9pendant de 45m2 dans maison en pierre<\/strong><\/p>\n<p class=\"prop-desc-txt\">Capacit\u00e9 : 4 places. 2 chambres. Acc\u00e8s par escalier ext\u00e9rieur<\/p>\n<p class=\"property-description\">Animaux autoris\u00e9s avec information et consentement pr\u00e9alable du propri\u00e9taire.<\/p>\n<p class=\"prop-desc-txt\"><strong>G\u00e9n\u00e9ral : <\/strong>internet WIFI, TV, parking gratuit sur place, chauffage \u00e9lectrique<\/p>\n<p class=\"prop-desc-txt\"><strong>Pi\u00e8ce principale:<\/strong> Canap\u00e9 2 places , 2 fauteuils, T\u00e9l\u00e9vision TNT, tables basses, Table et chaises pour 4 personnes.<\/p>\n<p class=\"prop-desc-txt\"><strong>Cuisine \u00e9quip\u00e9e :<\/strong> Four \u00e9lectrique, Lave-vaisselle 12 couverts, Plaques \u00e9lectriques, Micro-onde, R\u00e9frig\u00e9rateur\/cong\u00e9lateur, Cafeti\u00e8re filtre, Grille pain, Mixeur \u00e0 soupe, Mandoline, Vaisselle courante pour 4 personnes<\/p>\n<p><strong>Chambre 1 : <\/strong>Lit 140cm, chevet, lampe de chevet, armoire, Penderie, commode<\/p>\n<p><strong>Chambre 2 :&nbsp;<\/strong> 1 lits de 90cm avec un lit tiroir, chevet, lampe de chevet, Commode<\/p>\n<p class=\"prop-desc-txt\"><strong>Salle d\u2019eau :<\/strong> WC, Douche, Vasque, Miroir, Placard, S\u00e8che-cheveux<\/p>\n<p class=\"prop-desc-txt\" style=\"text-align: justify;\"><strong>Autre :<\/strong> Lave linge, \u00c9tendoir, Table et Fer \u00e0 repasser, Aspirateur<\/p>\n<p class=\"prop-desc-txt\" style=\"text-align: justify;\"><strong>Ext\u00e9rieur :<\/strong> Transats et leurs matelas, Salon de jardin, Barbecue, Parasol, abris v\u00e9lo moto, Balan\u00e7oire, toboggan, boules de p\u00e9tanque<\/p>\n<p class=\"prop-desc-txt\" style=\"text-align: justify;\"><strong>D\u00e9tail du linge fourni :<\/strong> 2 torchons de cuisine, + Si lou\u00e9 : linge de toilette \u00e0 raison de 1 drap de bain + 1 serviette +1 gant de toilette par personne, lits complets avec draps housses, housses de couette, taies d\u2019oreillers et de traversins).<\/p>\n<p class=\"prop-desc-txt\" style=\"text-align: justify;\"><strong>Mat\u00e9riel petite enfance :<\/strong> lit b\u00e9b\u00e9, chaise haute, barri\u00e8re pour escalier<\/p>\n<h2><span style=\"color: #993366;\">Localisation<\/span><\/h2>\n<p><iframe loading=\"lazy\" style=\"border: 0;\" src=\"https:\/\/www.google.com\/maps\/embed?pb=!1m14!1m8!1m3!1d27276.105273709447!2d5.58826498825649!3d44.061729975855194!3m2!1i1024!2i768!4f13.1!3m3!1m2!1s0x12ca4f019dfc4263%3A0xe8fba1975af6cd72!2zNDTCsDA0JzA4LjYiTiA1wrAzNicwNC4xIkU!5e0!3m2!1sfr!2sfr!4v1558786744958!5m2!1sfr!2sfr\" width=\"600\" height=\"450\" frameborder=\"0\" allowfullscreen=\"allowfullscreen\"><\/iframe><\/p>\n<h2><span style=\"color: #993366;\">Tarifs<\/span><\/h2>\n<p>Par ce que ce n\u2019est pas la quantit\u00e9 des annonces qui fait la qualit\u00e9 d\u2019une offre, APdestination c\u2019est :<\/p>\n<ul>\n<li>1 seul interlocuteur qui connait tous les dossiers<\/li>\n<li>Paiement sans frais de service obligatoires, vous ne payez que le prix de la location<\/li>\n<li>Des locations de vacances contr\u00f4l\u00e9es tous les ans<\/li>\n<li>Des propri\u00e9taires s\u00e9lectionn\u00e9s et qui vous accueillent \u00e0 votre arriv\u00e9e.<\/li>\n<li>Des locations \u00e0 moins de 2 h de voiture de nos bureaux<\/li>\n<\/ul>\n<p>La s\u00e9curit\u00e9 d\u2019un professionnel local sp\u00e9cialiste des locations de vacances en France et plus sp\u00e9cialement Provence, Luberon, Gard.<\/p>\n\n<table id=\"wp-table-reloaded-id-54-no-1\" class=\"wp-table-reloaded wp-table-reloaded-id-54\">\n<thead>\n\t<tr class=\"row-1\">\n\t\t<th colspan=\"3\" class=\"column-1 colspan-3\">P\u00e9riode tarifaires<\/th>\n\t<\/tr>\n<\/thead>\n<tbody class=\"row-hover\">\n\t<tr class=\"row-2\">\n\t\t<td class=\"column-1\">Basse<\/td><td class=\"column-2\">Avril<\/td><td class=\"column-3\">320\u20ac\/semaine<\/td>\n\t<\/tr>\n\t<tr class=\"row-3\">\n\t\t<td class=\"column-1\">Basse<\/td><td class=\"column-2\">Mai<\/td><td class=\"column-3\">290\u20ac\/semaine<\/td>\n\t<\/tr>\n\t<tr class=\"row-4\">\n\t\t<td class=\"column-1\">Moyenne<\/td><td class=\"column-2\">juin<\/td><td class=\"column-3\">350\u20ac\/semaine<\/td>\n\t<\/tr>\n\t<tr class=\"row-5\">\n\t\t<td class=\"column-1\">Haute<\/td><td class=\"column-2\">Juillet - aout<\/td><td class=\"column-3\">460\u20ac\/semaine<\/td>\n\t<\/tr>\n\t<tr class=\"row-6\">\n\t\t<td class=\"column-1\">Moyenne<\/td><td class=\"column-2\">septembre<\/td><td class=\"column-3\">350\u20ac\/semaine<\/td>\n\t<\/tr>\n\t<tr class=\"row-7\">\n\t\t<td class=\"column-1\">Basse<\/td><td class=\"column-2\">Octobre<\/td><td class=\"column-3\">320\u20ac\/semaine<\/td>\n\t<\/tr>\n\t<tr class=\"row-8\">\n\t\t<td colspan=\"3\" class=\"column-1 colspan-3\">Options<\/td>\n\t<\/tr>\n\t<tr class=\"row-9\">\n\t\t<td class=\"column-1\"><\/td><td class=\"column-2\">Optionnal final cleaning \/ Option m\u00e9nage<\/td><td class=\"column-3\">50\u20ac<\/td>\n\t<\/tr>\n\t<tr class=\"row-10\">\n\t\t<td class=\"column-1\"><\/td><td class=\"column-2\">Bed linen per week and per person \/ Location de draps sur demande<\/td><td class=\"column-3\">10\u20ac\/lit<\/td>\n\t<\/tr>\n\t<tr class=\"row-11\">\n\t\t<td class=\"column-1\"><\/td><td class=\"column-2\">Deposit \/ Caution non encaiss\u00e9e <\/td><td class=\"column-3\">300\u20ac<\/td>\n\t<\/tr>\n<\/tbody>\n<\/table>\n\n<h2>&nbsp;<span style=\"color: #993366;\">Disponibilit\u00e9<\/span><\/h2>\n<p><iframe loading=\"lazy\" style=\"border-width: 0;\" src=\"https:\/\/calendar.google.com\/calendar\/embed?height=600&amp;wkst=7&amp;bgcolor=%23ffffff&amp;ctz=Europe%2FParis&amp;src=dGFpZ2QyOG80MjdrbnZjcWFtb2FxMjJjbzhAZ3JvdXAuY2FsZW5kYXIuZ29vZ2xlLmNvbQ&amp;color=%23B39DDB&amp;showNav=1&amp;showDate=1&amp;showPrint=0&amp;showTabs=0&amp;showCalendars=0&amp;showTz=0\" width=\"800\" height=\"600\" frameborder=\"0\" scrolling=\"no\"><\/iframe><\/p>\n<h2><span style=\"color: #993366;\">D\u00e9couvrir les environs<br \/>\n<\/span><\/h2>\n<div class=\"csRow\">\n<div class=\"csColumnGap\" style=\"margin: 0px; padding: 0px; float: left; width: 1.56%;\"><img decoding=\"async\" src=\"http:\/\/www.apdestination.com\/wp-content\/plugins\/advanced-wp-columns\/assets\/js\/plugins\/views\/img\/1x1-pixel.png\" alt=\"\"><\/div>\n<div class=\"csColumn\" style=\"margin: 0px; padding: 0px; float: left; width: 31.3%;\" data-csstartpoint=\"15\" data-csendpoint=\"315\" data-cswidth=\"31.3%\" data-csid=\"2a8ab8b2-54a9-d302-8099-7ea2ed33a028\">\n<p><strong>Le Colorado Proven\u00e7al<br \/>\n<\/strong><\/p>\n<p>Form\u00e9s par l&rsquo;\u00e9rosion et par la main de l&rsquo;homme cette d&rsquo;ancienne carri\u00e8re d&rsquo;ocre a vue ses paysages se transform\u00e9 au fil des si\u00e8cles.<\/p>\n<p>Le site est aujourd&rsquo;hui marqu\u00e9 par une succession de sculptures et de falaises d&rsquo;ocre aux couleurs extraordinaires allant du jaune p\u00e2le au rouge vif. En partie recouvert par la foret ces sculptures min\u00e9rales se dressent vers le ciel bleu azur de Provence offrant un paysage extraordinaire .<br \/>\n<a href=\"http:\/\/www.apdestination.com\/wp-content\/uploads\/Colorado-Proven\u00e7al.jpg\"><img loading=\"lazy\" decoding=\"async\" class=\"alignnone size-full wp-image-4583\" src=\"http:\/\/www.apdestination.com\/wp-content\/uploads\/Colorado-Proven\u00e7al.jpg\" alt=\"colorado-provencal\" width=\"640\" height=\"1000\" srcset=\"https:\/\/www.apdestination.com\/wp-content\/uploads\/Colorado-Proven\u00e7al.jpg 640w, https:\/\/www.apdestination.com\/wp-content\/uploads\/Colorado-Proven\u00e7al-192x300.jpg 192w, https:\/\/www.apdestination.com\/wp-content\/uploads\/Colorado-Proven\u00e7al-624x975.jpg 624w\" sizes=\"auto, (max-width: 640px) 100vw, 640px\" \/><\/a><\/p>\n<\/div>\n<div class=\"csColumnGap\" style=\"margin: 0px; padding: 0px; float: left; width: 1.56%;\"><img decoding=\"async\" src=\"http:\/\/www.apdestination.com\/wp-content\/plugins\/advanced-wp-columns\/assets\/js\/plugins\/views\/img\/1x1-pixel.png\" alt=\"\"><\/div>\n<div class=\"csColumn\" style=\"margin: 0px; padding: 0px; float: left; width: 31.3%;\" data-csstartpoint=\"330\" data-csendpoint=\"630\" data-cswidth=\"31.3%\" data-csid=\"be6f1bdc-b828-a542-875d-5855d70e9ac3\">\n<p>l<span style=\"color: #333333;\"><strong>es villages perch\u00e9s de haute Provence et du Lub\u00e9ron<br \/>\n<\/strong><\/span><\/p>\n<p>Du plus modeste au plus majestueux les villages de ce cot\u00e9 du Lub\u00e9ron se perchent sur les hauteurs dominant la vall\u00e9e. Vous \u00eates toujours a quelques minutes d&rsquo;une de ces p\u00e9pites: Banon, Simiane la rotonde, Vach\u00e8re, Bonieux, Oppede le vieux&#8230;. Gordes le plus connu de tous avec son ch\u00e2teau et sa vieille ville admirablement conserv\u00e9es s&rsquo;illumine le soir . Chaque habitant de la r\u00e9gion a son pr\u00e9f\u00e9r\u00e9 et aura plaisir a vous le faire d\u00e9couvrir<\/p>\n<p><a href=\"http:\/\/www.apdestination.com\/wp-content\/uploads\/village-de-vachere1.jpg\"><img loading=\"lazy\" decoding=\"async\" class=\"alignnone size-full wp-image-4590\" src=\"http:\/\/www.apdestination.com\/wp-content\/uploads\/village-de-vachere1.jpg\" alt=\"village-de-vachere\" width=\"1200\" height=\"640\" srcset=\"https:\/\/www.apdestination.com\/wp-content\/uploads\/village-de-vachere1.jpg 1200w, https:\/\/www.apdestination.com\/wp-content\/uploads\/village-de-vachere1-300x160.jpg 300w, https:\/\/www.apdestination.com\/wp-content\/uploads\/village-de-vachere1-1024x546.jpg 1024w, https:\/\/www.apdestination.com\/wp-content\/uploads\/village-de-vachere1-624x332.jpg 624w\" sizes=\"auto, (max-width: 1200px) 100vw, 1200px\" \/><\/a><\/p>\n<\/div>\n<div class=\"csColumnGap\" style=\"margin: 0px; padding: 0px; float: left; width: 1.56%;\"><img decoding=\"async\" src=\"http:\/\/www.apdestination.com\/wp-content\/plugins\/advanced-wp-columns\/assets\/js\/plugins\/views\/img\/1x1-pixel.png\" alt=\"\"><\/div>\n<div class=\"csColumn\" style=\"margin: 0px; padding: 0px; float: left; width: 31.3%;\" data-csstartpoint=\"645\" data-csendpoint=\"945\" data-cswidth=\"31.3%\" data-csid=\"93e9441d-4a47-ec5e-8fd4-fcd76687b54f\">\n<p><strong>Avignon<\/strong><\/p>\n<p>Le c\u0153ur historique d&rsquo;Avignon est aujourd&rsquo;hui class\u00e9 au patrimoine mondial de l&rsquo;UNESCO. Prot\u00e9g\u00e9e par ses remparts, la vieille ville a conserv\u00e9 de merveilleux t\u00e9moignages de son pass\u00e9. \u00c9difi\u00e9 au XIV<sup>e<\/sup> si\u00e8cle, le palais des Papes est une \u00e9tape incontournable de la visite. Cette forteresse, r\u00e9sidence des papes au XIV<sup>e<\/sup> si\u00e8cle, est un superbe palais gothique compos\u00e9 de deux parties, le Palais Vieux et le Palais Neuf.<\/p>\n<p><a href=\"http:\/\/www.apdestination.com\/wp-content\/uploads\/Avignon_Palais_des_Papes_depuis_Tour_Philippe_le_Bel_by_JM_Rosier.jpg\"><img loading=\"lazy\" decoding=\"async\" class=\"alignnone size-full wp-image-4483\" src=\"http:\/\/www.apdestination.com\/wp-content\/uploads\/Avignon_Palais_des_Papes_depuis_Tour_Philippe_le_Bel_by_JM_Rosier.jpg\" alt=\"avignon_palais_des_papes_depuis_tour_philippe_le_bel_by_jm_rosier\" width=\"2000\" height=\"1197\" srcset=\"https:\/\/www.apdestination.com\/wp-content\/uploads\/Avignon_Palais_des_Papes_depuis_Tour_Philippe_le_Bel_by_JM_Rosier.jpg 2000w, https:\/\/www.apdestination.com\/wp-content\/uploads\/Avignon_Palais_des_Papes_depuis_Tour_Philippe_le_Bel_by_JM_Rosier-300x179.jpg 300w, https:\/\/www.apdestination.com\/wp-content\/uploads\/Avignon_Palais_des_Papes_depuis_Tour_Philippe_le_Bel_by_JM_Rosier-1024x612.jpg 1024w, https:\/\/www.apdestination.com\/wp-content\/uploads\/Avignon_Palais_des_Papes_depuis_Tour_Philippe_le_Bel_by_JM_Rosier-624x373.jpg 624w\" sizes=\"auto, (max-width: 2000px) 100vw, 2000px\" \/><\/a><\/p>\n<\/div>\n<div class=\"csColumnGap\" style=\"margin: 0px; padding: 0px; float: left; width: 1.56%;\"><img decoding=\"async\" src=\"http:\/\/www.apdestination.com\/wp-content\/plugins\/advanced-wp-columns\/assets\/js\/plugins\/views\/img\/1x1-pixel.png\" alt=\"\"><\/div>\n<div style=\"clear: both; float: none; display: block; visibility: hidden; width: 0px; font-size: 0px; line-height: 0;\">&nbsp;<\/div>\n<\/div>\n<div class=\"csRow\">&nbsp;<\/div>\n<div class=\"csRow\">\n<div class=\"csColumnGap\" style=\"margin: 0px; padding: 0px; float: left; width: 1.56%;\"><img decoding=\"async\" src=\"http:\/\/www.apdestination.com\/wp-content\/plugins\/advanced-wp-columns\/assets\/js\/plugins\/views\/img\/1x1-pixel.png\" alt=\"\"><\/div>\n<div class=\"csColumn\" style=\"margin: 0px; padding: 0px; float: left; width: 31.3%;\" data-csstartpoint=\"645\" data-csendpoint=\"945\" data-cswidth=\"31.3%\" data-csid=\"4de58bf4-c27b-b9a2-ae34-33caf6e2fa4b\">&nbsp;<\/div>\n<div class=\"csColumnGap\" style=\"margin: 0px; padding: 0px; float: left; width: 1.56%;\"><img decoding=\"async\" src=\"http:\/\/www.apdestination.com\/wp-content\/plugins\/advanced-wp-columns\/assets\/js\/plugins\/views\/img\/1x1-pixel.png\" alt=\"\"><\/div>\n<\/div>\n<div class=\"csRow\">\n<div class=\"csColumnGap\" style=\"margin: 0px; padding: 0px; float: left; width: 1.56%;\"><img decoding=\"async\" src=\"http:\/\/www.apdestination.com\/wp-content\/plugins\/advanced-wp-columns\/assets\/js\/plugins\/views\/img\/1x1-pixel.png\" alt=\"\"><\/div>\n<div class=\"csColumn\" style=\"margin: 0px; padding: 0px; float: left; width: 31.3%; text-align: justify;\" data-csstartpoint=\"15\" data-csendpoint=\"315\" data-cswidth=\"31.3%\" data-csid=\"73c52862-1d0a-3124-90a8-a09925653ba6\">\n<p><strong>L&rsquo;abbaye de Valsainte<br \/>\n<\/strong><\/p>\n<p>La visite du jardin de l&rsquo;abbaye de Valsaintes est une invitation \u00e0 l&rsquo;\u00e9merveillement, la fl\u00e2nerie, la d\u00e9tente et la s\u00e9r\u00e9nit\u00e9 alli\u00e9e au plaisir de la d\u00e9couverte d&rsquo;un espace naturel, historique et spirituel exceptionnel.<\/p>\n<p>Au rythme des restanques, vous pourrez d\u00e9ambuler parmi des espaces floraux riches de 550 vari\u00e9t\u00e9s de roses associ\u00e9es \u00e0 une flore spontan\u00e9e ou introduite.<\/p>\n<p><a href=\"http:\/\/www.apdestination.com\/wp-content\/uploads\/apdestination-abbaye-de-valsainte.jpg\"><img loading=\"lazy\" decoding=\"async\" class=\"alignnone size-full wp-image-4584\" src=\"http:\/\/www.apdestination.com\/wp-content\/uploads\/apdestination-abbaye-de-valsainte.jpg\" alt=\"apdestination-abbaye-de-valsainte\" width=\"2048\" height=\"1536\" srcset=\"https:\/\/www.apdestination.com\/wp-content\/uploads\/apdestination-abbaye-de-valsainte.jpg 2048w, https:\/\/www.apdestination.com\/wp-content\/uploads\/apdestination-abbaye-de-valsainte-300x225.jpg 300w, https:\/\/www.apdestination.com\/wp-content\/uploads\/apdestination-abbaye-de-valsainte-1024x768.jpg 1024w, https:\/\/www.apdestination.com\/wp-content\/uploads\/apdestination-abbaye-de-valsainte-624x468.jpg 624w\" sizes=\"auto, (max-width: 2048px) 100vw, 2048px\" \/><\/a><\/p>\n<\/div>\n<div class=\"csColumnGap\" style=\"margin: 0px; padding: 0px; float: left; width: 1.56%;\"><img decoding=\"async\" src=\"http:\/\/www.apdestination.com\/wp-content\/plugins\/advanced-wp-columns\/assets\/js\/plugins\/views\/img\/1x1-pixel.png\" alt=\"\"><\/div>\n<div class=\"csColumn\" style=\"margin: 0px; padding: 0px; float: left; width: 31.3%;\" data-csstartpoint=\"330\" data-csendpoint=\"630\" data-cswidth=\"31.3%\" data-csid=\"3321e960-9ab5-cc73-955d-dd639a5c4a06\">\n<p><strong>Les gorges du verdon<\/strong><br \/>\nEn cano\u00e9, bateau \u00e9lectrique ou de croisi\u00e8re, les gorges du Verdon se visite le temps d&rsquo;une journ\u00e9e.<br \/>\nIl y a le haut Verdon avec le lac de saint croix aux eaux turquoises et les gorges sublimes encadr\u00e9 de falaises vertigineuses. Et les basses gorges plus sauvage qui parte du lac d&rsquo;Esparon. Un chemin am\u00e9nag\u00e9 parcourt \u00e9galement la totalit\u00e9 des gorges passant au plus pr\u00eat de l&rsquo;eau, empruntant des passerelles et quelques tunnels<\/p>\n<p><a href=\"http:\/\/www.apdestination.com\/wp-content\/uploads\/apdestination-gorges-du-verdon.jpg\"><img loading=\"lazy\" decoding=\"async\" class=\"alignnone size-full wp-image-4585\" src=\"http:\/\/www.apdestination.com\/wp-content\/uploads\/apdestination-gorges-du-verdon.jpg\" alt=\"apdestination-gorges-du-verdon\" width=\"2000\" height=\"1333\" srcset=\"https:\/\/www.apdestination.com\/wp-content\/uploads\/apdestination-gorges-du-verdon.jpg 2000w, https:\/\/www.apdestination.com\/wp-content\/uploads\/apdestination-gorges-du-verdon-300x199.jpg 300w, https:\/\/www.apdestination.com\/wp-content\/uploads\/apdestination-gorges-du-verdon-1024x682.jpg 1024w, https:\/\/www.apdestination.com\/wp-content\/uploads\/apdestination-gorges-du-verdon-624x415.jpg 624w\" sizes=\"auto, (max-width: 2000px) 100vw, 2000px\" \/><\/a><\/p>\n<p>&nbsp;<\/p>\n<\/div>\n<div class=\"csColumnGap\" style=\"margin: 0px; padding: 0px; float: left; width: 1.56%;\"><img decoding=\"async\" src=\"http:\/\/www.apdestination.com\/wp-content\/plugins\/advanced-wp-columns\/assets\/js\/plugins\/views\/img\/1x1-pixel.png\" alt=\"\"><\/div>\n<div class=\"csColumn\" style=\"margin: 0px; padding: 0px; float: left; width: 31.3%;\" data-csstartpoint=\"645\" data-csendpoint=\"945\" data-cswidth=\"31.3%\" data-csid=\"b125aee4-88df-46cd-ac8d-b66e6b87608d\">\n<p><strong>Les Calanques de Cassis<br \/>\n<\/strong><\/p>\n<p>On ne peut passer des vacances en Provence sans aller passer une journ\u00e9e au bord de la mer. D\u00e9couvrir Cassis et ces falaises class\u00e9, une des plus haute d&rsquo;Europe avec 399m. Le village tr\u00e8s touristique est le point de d\u00e9part de nombreuse promenade en mer pour d\u00e9couvrir calanques qui s&rsquo;\u00e9tendent jusqu\u2019\u00e0 Marseille. Elle se visite \u00e9galement \u00e0 pied pour les plus courageux.<\/p>\n<p><a href=\"http:\/\/www.apdestination.com\/wp-content\/uploads\/Calanques-de-Cassis.jpg\"><img loading=\"lazy\" decoding=\"async\" class=\"alignnone size-full wp-image-4586\" src=\"http:\/\/www.apdestination.com\/wp-content\/uploads\/Calanques-de-Cassis.jpg\" alt=\"calanques-de-cassis\" width=\"1200\" height=\"640\" srcset=\"https:\/\/www.apdestination.com\/wp-content\/uploads\/Calanques-de-Cassis.jpg 1200w, https:\/\/www.apdestination.com\/wp-content\/uploads\/Calanques-de-Cassis-300x160.jpg 300w, https:\/\/www.apdestination.com\/wp-content\/uploads\/Calanques-de-Cassis-1024x546.jpg 1024w, https:\/\/www.apdestination.com\/wp-content\/uploads\/Calanques-de-Cassis-624x332.jpg 624w\" sizes=\"auto, (max-width: 1200px) 100vw, 1200px\" \/><\/a><\/p>\n<p>&nbsp;<\/p>\n<\/div>\n<div class=\"csColumnGap\" style=\"margin: 0px; padding: 0px; float: left; width: 1.56%;\"><img decoding=\"async\" src=\"http:\/\/www.apdestination.com\/wp-content\/plugins\/advanced-wp-columns\/assets\/js\/plugins\/views\/img\/1x1-pixel.png\" alt=\"\"><\/div>\n<div style=\"clear: both; float: none; display: block; visibility: hidden; width: 0px; font-size: 0px; line-height: 0;\">&nbsp;<\/div>\n<\/div>\n","protected":false},"excerpt":{"rendered":"<p>En bordure du plateau de l&rsquo;Albion G\u00eete 4 places dans une maison en pierre entour\u00e9e de champs de lavande. Le g\u00eete de 45 m2, est accessible par un escalier ext\u00e9rieur. La terrasse en haut de l&rsquo;escalier domine le jardin et la campagne environnante. Vous pourrez ainsi facilement regarder les enfants jouer dans le jardin ou [&hellip;]<\/p>\n","protected":false},"author":1,"featured_media":0,"parent":0,"menu_order":0,"comment_status":"closed","ping_status":"open","template":"","meta":{"ngg_post_thumbnail":0,"footnotes":""},"class_list":["post-7347","page","type-page","status-publish","hentry"],"_links":{"self":[{"href":"https:\/\/www.apdestination.com\/fr\/wp-json\/wp\/v2\/pages\/7347","targetHints":{"allow":["GET"]}}],"collection":[{"href":"https:\/\/www.apdestination.com\/fr\/wp-json\/wp\/v2\/pages"}],"about":[{"href":"https:\/\/www.apdestination.com\/fr\/wp-json\/wp\/v2\/types\/page"}],"author":[{"embeddable":true,"href":"https:\/\/www.apdestination.com\/fr\/wp-json\/wp\/v2\/users\/1"}],"replies":[{"embeddable":true,"href":"https:\/\/www.apdestination.com\/fr\/wp-json\/wp\/v2\/comments?post=7347"}],"version-history":[{"count":23,"href":"https:\/\/www.apdestination.com\/fr\/wp-json\/wp\/v2\/pages\/7347\/revisions"}],"predecessor-version":[{"id":9328,"href":"https:\/\/www.apdestination.com\/fr\/wp-json\/wp\/v2\/pages\/7347\/revisions\/9328"}],"wp:attachment":[{"href":"https:\/\/www.apdestination.com\/fr\/wp-json\/wp\/v2\/media?parent=7347"}],"curies":[{"name":"wp","href":"https:\/\/api.w.org\/{rel}","templated":true}]}}