{"id":6080,"date":"2017-10-23T12:18:00","date_gmt":"2017-10-23T11:18:00","guid":{"rendered":"http:\/\/www.apdestination.com\/?page_id=6080"},"modified":"2025-02-04T10:31:27","modified_gmt":"2025-02-04T09:31:27","slug":"apd30sab1-maison-de-vigneron-avec-jardin-et-piscine","status":"publish","type":"page","link":"https:\/\/www.apdestination.com\/fr\/apd30sab1-maison-de-vigneron-avec-jardin-et-piscine\/","title":{"rendered":"apd30sab1-Maison de vigneron avec jardin et piscine"},"content":{"rendered":"<h2><img loading=\"lazy\" decoding=\"async\" class=\"alignnone wp-image-9523 size-full\" src=\"http:\/\/www.apdestination.com\/wp-content\/uploads\/20240627_131300.jpg\" alt=\"\" width=\"2000\" height=\"1128\" srcset=\"https:\/\/www.apdestination.com\/wp-content\/uploads\/20240627_131300.jpg 2000w, https:\/\/www.apdestination.com\/wp-content\/uploads\/20240627_131300-300x169.jpg 300w, https:\/\/www.apdestination.com\/wp-content\/uploads\/20240627_131300-1024x578.jpg 1024w, https:\/\/www.apdestination.com\/wp-content\/uploads\/20240627_131300-768x433.jpg 768w, https:\/\/www.apdestination.com\/wp-content\/uploads\/20240627_131300-1536x866.jpg 1536w, https:\/\/www.apdestination.com\/wp-content\/uploads\/20240627_131300-624x352.jpg 624w\" sizes=\"auto, (max-width: 2000px) 100vw, 2000px\" \/> <img loading=\"lazy\" decoding=\"async\" class=\"alignnone wp-image-9525 size-full\" src=\"http:\/\/www.apdestination.com\/wp-content\/uploads\/apd30sab-2.png\" alt=\"\" width=\"1200\" height=\"100\" srcset=\"https:\/\/www.apdestination.com\/wp-content\/uploads\/apd30sab-2.png 1200w, https:\/\/www.apdestination.com\/wp-content\/uploads\/apd30sab-2-300x25.png 300w, https:\/\/www.apdestination.com\/wp-content\/uploads\/apd30sab-2-1024x85.png 1024w, https:\/\/www.apdestination.com\/wp-content\/uploads\/apd30sab-2-768x64.png 768w, https:\/\/www.apdestination.com\/wp-content\/uploads\/apd30sab-2-624x52.png 624w\" sizes=\"auto, (max-width: 1200px) 100vw, 1200px\" \/>Location de vacances dans un petit village au milieu des vignes<\/h2>\n<p>Maison de 145 m2 am\u00e9nag\u00e9e dans la partie habitation d&rsquo;une exploitation vigneronne. D&rsquo;allure agricole vue depuis les vignes, la maison se transforme une fois la porte d&rsquo;entr\u00e9e pouss\u00e9e. D\u00e9paysement garanti ! L&rsquo;habitation paysanne enti\u00e8rement r\u00e9nov\u00e9e a chang\u00e9 de visage, pour offrir tout le confort que l&rsquo;on attend pour des vacances entre amis ou en famille. Ainsi les 4 grandes chambres occupent tout le premier niveau tandis que les salles de travail du rez-de-chauss\u00e9e ont \u00e9t\u00e9 transform\u00e9es en s\u00e9jour avec cuisine ouverte de 70 m2. La maison est tourn\u00e9e vers un jardin abondamment fleuri et arbor\u00e9. Les espaces y sont bien d\u00e9finis et offrent \u00e0 chacun l&rsquo;intimit\u00e9 qu&rsquo;il souhaite. La zone piscine avec transats et plage est s\u00e9curis\u00e9e par un portillon, on peut y choisir de profiter du chaud soleil du Gard ou de l&rsquo;ombre tropicale des palmiers. Un petit salon avec deux canap\u00e9s a \u00e9t\u00e9 am\u00e9nag\u00e9 plus loin \u00e0 l&rsquo;ombre des lauriers pour se reposer ou lire au calme. Mais l&rsquo;espace pr\u00e9f\u00e9r\u00e9 des groupes d&rsquo;amis c&rsquo;est l\u2019immense tonnelle recouverte de canisses devant la baie vitr\u00e9e du s\u00e9jour. On y vient pour les repas et les moments conviviaux autour d&rsquo;un verre. Un barbecue juste \u00e0 cot\u00e9 pour ne pas trop s&rsquo;\u00e9loigner quand vient l&rsquo;heure des grillades. Dans le Sud de la France on prend son temps pour profiter de toute la journ\u00e9e, que se soit pour aller au village \u00e0 pied, ou pour d\u00e9couvrir la campagne autour de la maison.<\/p>\n<p>Il ne reste plus qu&rsquo;\u00e0 en profiter et passer des vacances de r\u00eave. Situ\u00e9e \u00e0 moins de 30 minutes des plus belles villes romaines du Sud de la France, Avignon, N\u00eemes, Arles et Orange, ou encore m\u00e9di\u00e9vales comme Uz\u00e8s. Vous venez pour le soleil, et les vignobles \u00e0 d\u00e9couvrir, et l&rsquo;Histoire vous attend sur le lieu de vos vacances.&nbsp; La r\u00e9gion est riche en lieux pittoresques, qu&rsquo;ils soient mondialement connus ou plus secrets. Vous aurez le loisir de les d\u00e9couvrir en toutes saisons !<\/p>\n<h2><span style=\"color: #993366;\">&nbsp;Galerie photos<\/span><\/h2>\nngg_shortcode_0_placeholder\n<h2 class=\"title\"><span style=\"color: #993366;\">\u00c9quipements<br \/>\n<\/span><\/h2>\n<p class=\"prop-desc-txt\"><strong>Maison mitoyenne de 145 m2 avec grand jardin luxuriant et piscine &#8211; Capacit\u00e9 : 8 places. 4 Chambres \u00e0 l&rsquo;\u00e9tage. <\/strong><br \/>\nAnimaux autoris\u00e9s avec information et consentement pr\u00e9alable du propri\u00e9taire.<\/p>\n<p class=\"prop-desc-txt\"><strong>G\u00e9n\u00e9ral : <\/strong>internet WIFI, TV de 139cm , parking gratuit sur place dont une place ferm\u00e9, chauffage climatisation r\u00e9versible , interphone avec cam\u00e9ra<\/p>\n<p class=\"prop-desc-txt\"><strong>Pi\u00e8ce principale:<\/strong>&nbsp; 2 Canap\u00e9s 3 places , 1 fauteuils relax, T\u00e9l\u00e9vision TNT, Lecteur dvd, table basse, Table et chaises pour 8 personnes ,Comptoir bar et tabourets de bar<\/p>\n<p class=\"prop-desc-txt\"><strong>Cuisine \u00e9quip\u00e9e :<\/strong> Four \u00e9lectrique , Lave-vaisselle 12 couverts,&nbsp; Plaques induction, Micro-onde, R\u00e9frig\u00e9rateur\/cong\u00e9lateur avec distributeur de gla\u00e7ons, Autocuiseur, Cafeti\u00e8re filtre, cafeti\u00e8re \u00e0 expresso \u00e0 dosettes souples, Bouilloire, Grille pain, Mixeur \u00e0 soupe, Robot culinaire, Vaisselle courante pour 8 personnes<\/p>\n<p><strong>Chambre 1 (20m2) : <\/strong>Lit 140cm, chevet, lampe de chevet, armoire, Penderie, bureau<\/p>\n<p><strong>Chambre 2 (11 m2) : <\/strong>Lit 140cm, portant, et rangement int\u00e9gr\u00e9s au lit<\/p>\n<p><strong>Chambre 3 (11 m2) : <\/strong>2 lits de 90cm, chevet, lampe de chevet, Commode<\/p>\n<p><strong>Chambre 4 (12 m2) : <\/strong>Lit 140cm, chevet, lampe de chevet, dressing &#8211; Penderie<\/p>\n<p class=\"prop-desc-txt\"><strong>1 Salle de bain \u00e0 l&rsquo;\u00e9tage :<\/strong> WC ind\u00e9pendant,&nbsp; bain, double vasque, Miroir, Placard, Radiateur, table \u00e0 langer<\/p>\n<p class=\"prop-desc-txt\"><strong>1 Salle d&rsquo;eau au rez de chauss\u00e9e :<\/strong> WC,&nbsp; douche italienne, vasque, Miroir, Placard, Radiateur S\u00e8che serviette, S\u00e8che-cheveux<\/p>\n<p class=\"prop-desc-txt\" style=\"text-align: justify;\"><strong>Autre :<\/strong> Lave linge, \u00c9tendoir, Table et Fer \u00e0 repasser, Aspirateur<\/p>\n<p class=\"prop-desc-txt\" style=\"text-align: justify;\"><strong>Ext\u00e9rieur :<\/strong> Piscine 5m x 3m profondeur 1.40-1.20 m, Transats, Salon de jardin, plancha \u00e0 gaz, Parasol, abris v\u00e9lo moto, table et chaises pour 8 personnes \u00e0 l&rsquo;ombre de la pergola<\/p>\n<p class=\"prop-desc-txt\" style=\"text-align: justify;\"><strong>D\u00e9tail du linge fourni :<\/strong> 3 torchons de cuisine, + Si lou\u00e9 : linge de toilette \u00e0 raison de 1 drap de bain + 1 serviette par personne, lits complets avec draps housses, housses de couette, taies d\u2019oreillers).<\/p>\n<p class=\"prop-desc-txt\" style=\"text-align: justify;\"><strong>Mat\u00e9riel petite enfance :<\/strong> lit b\u00e9b\u00e9, table et tapis \u00e0 langer, pot<\/p>\n<h2><span style=\"color: #993366;\">Localisation<\/span><\/h2>\n<p><iframe loading=\"lazy\" style=\"border: 0;\" src=\"https:\/\/www.google.com\/maps\/embed?pb=!1m17!1m11!1m3!1d1232.849325085697!2d4.544349191681184!3d44.12600181662909!2m2!1f0!2f0!3m2!1i1024!2i768!4f13.1!3m3!1m2!1s0x0%3A0x0!2zNDTCsDA3JzMzLjEiTiA0wrAzMic0MC4yIkU!5e1!3m2!1sfr!2sus!4v1514904914042\" width=\"600\" height=\"450\" frameborder=\"0\" allowfullscreen=\"allowfullscreen\"><\/iframe><\/p>\n<h2><span style=\"color: #993366;\">Tarifs<\/span><\/h2>\n<p>Par ce que ce n\u2019est pas la quantit\u00e9 des annonces qui fait la qualit\u00e9 d\u2019une offre, APdestination c\u2019est :<\/p>\n<ul>\n<li>1 seul interlocuteur qui connait tous les dossiers<\/li>\n<li>Paiement sans frais de service obligatoires, vous ne payez que le prix de la location<\/li>\n<li>Des locations de vacances contr\u00f4l\u00e9es tous les ans<\/li>\n<li>Des propri\u00e9taires s\u00e9lectionn\u00e9s et qui vous accueillent \u00e0 votre arriv\u00e9e.<\/li>\n<li>Des locations \u00e0 moins de 2 h de voiture de nos bureaux<\/li>\n<\/ul>\n<p>La s\u00e9curit\u00e9 d\u2019un professionnel local sp\u00e9cialiste des locations de vacances en France et plus sp\u00e9cialement Provence, Luberon, Gard.<\/p>\n\n<table id=\"wp-table-reloaded-id-44-no-1\" class=\"wp-table-reloaded wp-table-reloaded-id-44\">\n<thead>\n\t<tr class=\"row-1\">\n\t\t<th colspan=\"3\" class=\"column-1 colspan-3\">P\u00e9riode tarifaires<\/th>\n\t<\/tr>\n<\/thead>\n<tbody class=\"row-hover\">\n\t<tr class=\"row-2\">\n\t\t<td class=\"column-1\"><\/td><td class=\"column-2\">Mai, juin<\/td><td class=\"column-3\">950\u20ac\/semaine<\/td>\n\t<\/tr>\n\t<tr class=\"row-3\">\n\t\t<td class=\"column-1\">Haute<\/td><td class=\"column-2\">juillet - aout<\/td><td class=\"column-3\">1950\u20ac\/semaine<\/td>\n\t<\/tr>\n\t<tr class=\"row-4\">\n\t\t<td class=\"column-1\">Moyenne<\/td><td class=\"column-2\">septembre<\/td><td class=\"column-3\">950\u20ac\/semaine<\/td>\n\t<\/tr>\n\t<tr class=\"row-5\">\n\t\t<td colspan=\"3\" class=\"column-1 colspan-3\">Options<\/td>\n\t<\/tr>\n\t<tr class=\"row-6\">\n\t\t<td class=\"column-1\"><\/td><td class=\"column-2\">Final cleaning \/ M\u00e9nage final<\/td><td class=\"column-3\">140\u20ac<\/td>\n\t<\/tr>\n\t<tr class=\"row-7\">\n\t\t<td class=\"column-1\"><\/td><td class=\"column-2\">Bed linen per week and per person \/ Location de draps sur demande<\/td><td class=\"column-3\">inclus<\/td>\n\t<\/tr>\n\t<tr class=\"row-8\">\n\t\t<td class=\"column-1\"><\/td><td class=\"column-2\">Towels\/Location de serviettes<\/td><td class=\"column-3\">6\u20ac\/pers<\/td>\n\t<\/tr>\n\t<tr class=\"row-9\">\n\t\t<td class=\"column-1\"><\/td><td class=\"column-2\">Deposit \/ Caution non encaiss\u00e9e <\/td><td class=\"column-3\">1000\u20ac<\/td>\n\t<\/tr>\n<\/tbody>\n<\/table>\n\n<h2>&nbsp;<span style=\"color: #993366;\">Disponibilit\u00e9<\/span><\/h2>\n<p><iframe loading=\"lazy\" style=\"border: solid 1px #777;\" src=\"https:\/\/calendar.google.com\/calendar\/embed?showPrint=0&amp;showTabs=0&amp;showCalendars=0&amp;showTz=0&amp;height=400&amp;wkst=7&amp;hl=fr&amp;bgcolor=%23ffffff&amp;src=r0h8ablofo5m1md722rlqb70qk%40group.calendar.google.com&amp;color=%232952A3&amp;ctz=Europe%2FParis\" width=\"600\" height=\"400\" frameborder=\"0\" scrolling=\"no\"><\/iframe><\/p>\n<h2><span style=\"color: #993366;\">D\u00e9couvrir les environs<br \/>\n<\/span><\/h2>\n<div class=\"csRow\">\n<div class=\"csColumn\" style=\"margin: 0px; padding: 0px; float: left; width: 31.3%;\" data-csstartpoint=\"15\" data-csendpoint=\"315\" data-cswidth=\"31.3%\" data-csid=\"2a8ab8b2-54a9-d302-8099-7ea2ed33a028\">\n<p><strong>Le palais des papes<\/strong><\/p>\n<p>Le coeur historique d&rsquo;Avignon est aujourd&rsquo;hui class\u00e9 au patrimoine mondial de l&rsquo;UNESCO. Prot\u00e9g\u00e9e par ses remparts, la vieille ville a conserv\u00e9 de merveilleux t\u00e9moignages de son pass\u00e9. \u00c9difi\u00e9 au XIV<sup>e<\/sup> si\u00e8cle, le palais des Papes est une \u00e9tape incontournable de la visite. Cette forteresse, r\u00e9sidence des papes au XIV<sup>e<\/sup> si\u00e8cle, est un superbe palais gothique compos\u00e9 de deux parties, le Palais Vieux et le Palais Neuf.<\/p>\n<p><a href=\"http:\/\/www.apdestination.com\/wp-content\/uploads\/Avignon_Palais_des_Papes_depuis_Tour_Philippe_le_Bel_by_JM_Rosier.jpg\"><img loading=\"lazy\" decoding=\"async\" class=\"alignnone size-full wp-image-4483\" src=\"http:\/\/www.apdestination.com\/wp-content\/uploads\/Avignon_Palais_des_Papes_depuis_Tour_Philippe_le_Bel_by_JM_Rosier.jpg\" alt=\"avignon_palais_des_papes_depuis_tour_philippe_le_bel_by_jm_rosier\" width=\"2000\" height=\"1197\" srcset=\"https:\/\/www.apdestination.com\/wp-content\/uploads\/Avignon_Palais_des_Papes_depuis_Tour_Philippe_le_Bel_by_JM_Rosier.jpg 2000w, https:\/\/www.apdestination.com\/wp-content\/uploads\/Avignon_Palais_des_Papes_depuis_Tour_Philippe_le_Bel_by_JM_Rosier-300x179.jpg 300w, https:\/\/www.apdestination.com\/wp-content\/uploads\/Avignon_Palais_des_Papes_depuis_Tour_Philippe_le_Bel_by_JM_Rosier-1024x612.jpg 1024w, https:\/\/www.apdestination.com\/wp-content\/uploads\/Avignon_Palais_des_Papes_depuis_Tour_Philippe_le_Bel_by_JM_Rosier-624x373.jpg 624w\" sizes=\"auto, (max-width: 2000px) 100vw, 2000px\" \/><\/a><\/p>\n<\/div>\n<div class=\"csColumnGap\" style=\"margin: 0px; padding: 0px; float: left; width: 1.56%;\"><img decoding=\"async\" src=\"http:\/\/www.apdestination.com\/wp-content\/plugins\/advanced-wp-columns\/assets\/js\/plugins\/views\/img\/1x1-pixel.png\" alt=\"\"><\/div>\n<div class=\"csColumn\" style=\"margin: 0px; padding: 0px; float: left; width: 31.3%;\" data-csstartpoint=\"330\" data-csendpoint=\"630\" data-cswidth=\"31.3%\" data-csid=\"be6f1bdc-b828-a542-875d-5855d70e9ac3\">\n<p>&nbsp;<span style=\"color: #333333;\"><strong>Le pont du Gard<br \/>\n<\/strong><\/span><\/p>\n<p>Les trois \u00e9tages d&rsquo;arcades de cet impressionnant pont-aqueduc romain enjambent les eaux de la rivi\u00e8re Gardon. Chef-d\u2019\u0153uvre de l&rsquo;Antiquit\u00e9, aujourd&rsquo;hui class\u00e9 au patrimoine mondial de l&rsquo;UNESCO, le pont du gard, \u00e9difi\u00e9 au Ier si\u00e8cle dans le but de pouvoir acheminer l&rsquo;eau provenant des sources de l&rsquo;Eure jusqu\u2019\u00e0 N\u00eemes.<\/p>\n<p><a href=\"http:\/\/www.apdestination.com\/wp-content\/uploads\/pont-du-gard.jpg\"><img loading=\"lazy\" decoding=\"async\" class=\"alignnone size-full wp-image-4486\" src=\"http:\/\/www.apdestination.com\/wp-content\/uploads\/pont-du-gard.jpg\" alt=\"pont-du-gard\" width=\"2000\" height=\"1500\" srcset=\"https:\/\/www.apdestination.com\/wp-content\/uploads\/pont-du-gard.jpg 2000w, https:\/\/www.apdestination.com\/wp-content\/uploads\/pont-du-gard-300x225.jpg 300w, https:\/\/www.apdestination.com\/wp-content\/uploads\/pont-du-gard-1024x768.jpg 1024w, https:\/\/www.apdestination.com\/wp-content\/uploads\/pont-du-gard-624x468.jpg 624w\" sizes=\"auto, (max-width: 2000px) 100vw, 2000px\" \/><\/a><\/p>\n<\/div>\n<div class=\"csColumnGap\" style=\"margin: 0px; padding: 0px; float: left; width: 1.56%;\"><img decoding=\"async\" src=\"http:\/\/www.apdestination.com\/wp-content\/plugins\/advanced-wp-columns\/assets\/js\/plugins\/views\/img\/1x1-pixel.png\" alt=\"\"><\/div>\n<div class=\"csColumn\" style=\"margin: 0px; padding: 0px; float: left; width: 31.3%;\" data-csstartpoint=\"645\" data-csendpoint=\"945\" data-cswidth=\"31.3%\" data-csid=\"93e9441d-4a47-ec5e-8fd4-fcd76687b54f\">\n<p>&nbsp;<strong>Les cascades du Sautadet<\/strong><\/p>\n<p>Au pied d&rsquo;un des plus beaux village de France, la rivi\u00e8re C\u00e8ze a model\u00e9 un plateau de calcaire pour donner naissance aux Cascades du Sautadet. Il s&rsquo;agit de l&rsquo;un des sites naturels incontournables de la r\u00e9gion.<\/p>\n<p><a href=\"http:\/\/www.apdestination.com\/wp-content\/uploads\/22281954.jpg\"><img loading=\"lazy\" decoding=\"async\" class=\"alignnone size-full wp-image-4482\" src=\"http:\/\/www.apdestination.com\/wp-content\/uploads\/22281954.jpg\" alt=\"22281954\" width=\"2000\" height=\"1334\" srcset=\"https:\/\/www.apdestination.com\/wp-content\/uploads\/22281954.jpg 2000w, https:\/\/www.apdestination.com\/wp-content\/uploads\/22281954-300x200.jpg 300w, https:\/\/www.apdestination.com\/wp-content\/uploads\/22281954-1024x683.jpg 1024w, https:\/\/www.apdestination.com\/wp-content\/uploads\/22281954-624x416.jpg 624w\" sizes=\"auto, (max-width: 2000px) 100vw, 2000px\" \/><\/a><\/p>\n<\/div>\n<div class=\"csColumnGap\" style=\"margin: 0px; padding: 0px; float: left; width: 1.56%;\"><img decoding=\"async\" src=\"http:\/\/www.apdestination.com\/wp-content\/plugins\/advanced-wp-columns\/assets\/js\/plugins\/views\/img\/1x1-pixel.png\" alt=\"\"><\/div>\n<div style=\"clear: both; float: none; display: block; visibility: hidden; width: 0px; font-size: 0px; line-height: 0;\">&nbsp;<\/div>\n<\/div>\n<div class=\"csRow\">&nbsp;<\/div>\n<div class=\"csRow\">\n<div class=\"csColumnGap\" style=\"margin: 0px; padding: 0px; float: left; width: 1.56%;\"><img decoding=\"async\" src=\"http:\/\/www.apdestination.com\/wp-content\/plugins\/advanced-wp-columns\/assets\/js\/plugins\/views\/img\/1x1-pixel.png\" alt=\"\"><\/div>\n<div class=\"csColumn\" style=\"margin: 0px; padding: 0px; float: left; width: 31.3%;\" data-csstartpoint=\"645\" data-csendpoint=\"945\" data-cswidth=\"31.3%\" data-csid=\"4de58bf4-c27b-b9a2-ae34-33caf6e2fa4b\">&nbsp;<\/div>\n<div class=\"csColumnGap\" style=\"margin: 0px; padding: 0px; float: left; width: 1.56%;\"><img decoding=\"async\" src=\"http:\/\/www.apdestination.com\/wp-content\/plugins\/advanced-wp-columns\/assets\/js\/plugins\/views\/img\/1x1-pixel.png\" alt=\"\"><\/div>\n<\/div>\n<div class=\"csRow\">\n<div class=\"csColumnGap\" style=\"margin: 0px; padding: 0px; float: left; width: 1.56%;\"><img decoding=\"async\" src=\"http:\/\/www.apdestination.com\/wp-content\/plugins\/advanced-wp-columns\/assets\/js\/plugins\/views\/img\/1x1-pixel.png\" alt=\"\"><\/div>\n<div class=\"csColumn\" style=\"margin: 0px; padding: 0px; float: left; width: 31.3%; text-align: justify;\" data-csstartpoint=\"15\" data-csendpoint=\"315\" data-cswidth=\"31.3%\" data-csid=\"73c52862-1d0a-3124-90a8-a09925653ba6\">\n<p><strong>Monteux<\/strong><\/p>\n<p>Vivez des aventures inoubliables en famille ou entre amis dans un cadre paysager exceptionnel au pied du Ventoux, \u00e0 15 minutes d\u2019Avignon.<\/p>\n<p><a href=\"http:\/\/www.apdestination.com\/wp-content\/uploads\/AFFICHE-1-GENERIQUE.jpg\"><img loading=\"lazy\" decoding=\"async\" class=\"alignnone size-medium wp-image-4488\" src=\"http:\/\/www.apdestination.com\/wp-content\/uploads\/AFFICHE-1-GENERIQUE-207x300.jpg\" alt=\"Pr\u00e9sentation PowerPoint\" width=\"207\" height=\"300\" srcset=\"https:\/\/www.apdestination.com\/wp-content\/uploads\/AFFICHE-1-GENERIQUE-207x300.jpg 207w, https:\/\/www.apdestination.com\/wp-content\/uploads\/AFFICHE-1-GENERIQUE-708x1024.jpg 708w, https:\/\/www.apdestination.com\/wp-content\/uploads\/AFFICHE-1-GENERIQUE-624x901.jpg 624w\" sizes=\"auto, (max-width: 207px) 100vw, 207px\" \/><\/a><\/p>\n<\/div>\n<div class=\"csColumnGap\" style=\"margin: 0px; padding: 0px; float: left; width: 1.56%;\"><img decoding=\"async\" src=\"http:\/\/www.apdestination.com\/wp-content\/plugins\/advanced-wp-columns\/assets\/js\/plugins\/views\/img\/1x1-pixel.png\" alt=\"\"><\/div>\n<div class=\"csColumn\" style=\"margin: 0px; padding: 0px; float: left; width: 31.3%;\" data-csstartpoint=\"330\" data-csendpoint=\"630\" data-cswidth=\"31.3%\" data-csid=\"3321e960-9ab5-cc73-955d-dd639a5c4a06\">\n<p><strong>Monast\u00e8re historique class\u00e9, la Chartreuse de Valbonne se visite les week end hors saison et tous les jours en \u00e9t\u00e9.<\/strong><br \/>\nAu nord de la for\u00eat domaniale, la Chartreuse de Valbonne appara\u00eet comme un bel ensemble de longs b\u00e2timents aux toits pentus couvert de tuiles verniss\u00e9es, dans un \u00e9crin de vignoble. Le monast\u00e8re b\u00e2ti au d\u00e9but du 13\u00b0 si\u00e8cle est un des plus grand de l&rsquo;ordre, et a connu une belle destin\u00e9e jusqu&rsquo;\u00e0 la R\u00e9volution Fran\u00e7aise<\/p>\n<p><a href=\"http:\/\/www.apdestination.com\/wp-content\/uploads\/chartreuse-de-valbonne.jpg\"><img loading=\"lazy\" decoding=\"async\" class=\"alignnone wp-image-4484 size-medium\" src=\"http:\/\/www.apdestination.com\/wp-content\/uploads\/chartreuse-de-valbonne-300x240.jpg\" alt=\"chartreuse-de-valbonne\" width=\"300\" height=\"240\" srcset=\"https:\/\/www.apdestination.com\/wp-content\/uploads\/chartreuse-de-valbonne-300x240.jpg 300w, https:\/\/www.apdestination.com\/wp-content\/uploads\/chartreuse-de-valbonne-1024x819.jpg 1024w, https:\/\/www.apdestination.com\/wp-content\/uploads\/chartreuse-de-valbonne-624x499.jpg 624w, https:\/\/www.apdestination.com\/wp-content\/uploads\/chartreuse-de-valbonne.jpg 2000w\" sizes=\"auto, (max-width: 300px) 100vw, 300px\" \/><\/a><\/p>\n<p>&nbsp;<\/p>\n<\/div>\n<div class=\"csColumnGap\" style=\"margin: 0px; padding: 0px; float: left; width: 1.56%;\"><img decoding=\"async\" src=\"http:\/\/www.apdestination.com\/wp-content\/plugins\/advanced-wp-columns\/assets\/js\/plugins\/views\/img\/1x1-pixel.png\" alt=\"\"><\/div>\n<div class=\"csColumn\" style=\"margin: 0px; padding: 0px; float: left; width: 31.3%;\" data-csstartpoint=\"645\" data-csendpoint=\"945\" data-cswidth=\"31.3%\" data-csid=\"b125aee4-88df-46cd-ac8d-b66e6b87608d\">\n<p><strong>Goudargues<\/strong><\/p>\n<p>La \u00ab\u00a0Venise Gardoise\u00a0\u00bb : voil\u00e0 comment est surnomm\u00e9 le village de Goudargues. Les visiteurs prendront plaisir \u00e0 s&rsquo;installer \u00e0 l&rsquo;ombre des platanes centenaires, \u00e0 d\u00e9ambuler dans ses ruelles paisibles, et se rafra\u00eechiront \u00e0 la fontaine bord\u00e9e de parapets. Alentour , les nombreux sentiers de randonn\u00e9es p\u00e9destres et circuit de V.T.T. feront la joie des sportifs et des amoureux de la nature.<\/p>\n<p><a href=\"http:\/\/www.apdestination.com\/wp-content\/uploads\/Goudargues.jpg\"><img loading=\"lazy\" decoding=\"async\" class=\"alignnone wp-image-4485 size-medium\" src=\"http:\/\/www.apdestination.com\/wp-content\/uploads\/Goudargues-300x199.jpg\" alt=\"goudargues\" width=\"300\" height=\"199\" srcset=\"https:\/\/www.apdestination.com\/wp-content\/uploads\/Goudargues-300x199.jpg 300w, https:\/\/www.apdestination.com\/wp-content\/uploads\/Goudargues-1024x682.jpg 1024w, https:\/\/www.apdestination.com\/wp-content\/uploads\/Goudargues-624x415.jpg 624w, https:\/\/www.apdestination.com\/wp-content\/uploads\/Goudargues.jpg 2000w\" sizes=\"auto, (max-width: 300px) 100vw, 300px\" \/><\/a><\/p>\n<p>&nbsp;<\/p>\n<\/div>\n<\/div>\n","protected":false},"excerpt":{"rendered":"<p>Location de vacances dans un petit village au milieu des vignes Maison de 145 m2 am\u00e9nag\u00e9e dans la partie habitation d&rsquo;une exploitation vigneronne. D&rsquo;allure agricole vue depuis les vignes, la maison se transforme une fois la porte d&rsquo;entr\u00e9e pouss\u00e9e. D\u00e9paysement garanti ! L&rsquo;habitation paysanne enti\u00e8rement r\u00e9nov\u00e9e a chang\u00e9 de visage, pour offrir tout le confort [&hellip;]<\/p>\n","protected":false},"author":1,"featured_media":0,"parent":0,"menu_order":0,"comment_status":"closed","ping_status":"open","template":"","meta":{"ngg_post_thumbnail":0,"footnotes":""},"class_list":["post-6080","page","type-page","status-publish","hentry"],"_links":{"self":[{"href":"https:\/\/www.apdestination.com\/fr\/wp-json\/wp\/v2\/pages\/6080","targetHints":{"allow":["GET"]}}],"collection":[{"href":"https:\/\/www.apdestination.com\/fr\/wp-json\/wp\/v2\/pages"}],"about":[{"href":"https:\/\/www.apdestination.com\/fr\/wp-json\/wp\/v2\/types\/page"}],"author":[{"embeddable":true,"href":"https:\/\/www.apdestination.com\/fr\/wp-json\/wp\/v2\/users\/1"}],"replies":[{"embeddable":true,"href":"https:\/\/www.apdestination.com\/fr\/wp-json\/wp\/v2\/comments?post=6080"}],"version-history":[{"count":48,"href":"https:\/\/www.apdestination.com\/fr\/wp-json\/wp\/v2\/pages\/6080\/revisions"}],"predecessor-version":[{"id":9530,"href":"https:\/\/www.apdestination.com\/fr\/wp-json\/wp\/v2\/pages\/6080\/revisions\/9530"}],"wp:attachment":[{"href":"https:\/\/www.apdestination.com\/fr\/wp-json\/wp\/v2\/media?parent=6080"}],"curies":[{"name":"wp","href":"https:\/\/api.w.org\/{rel}","templated":true}]}}